{"id":1824,"date":"2015-01-18T21:08:36","date_gmt":"2015-01-18T21:08:36","guid":{"rendered":"http:\/\/zlaty-jelen.sk\/sub\/prototype\/?page_id=1824"},"modified":"2024-01-25T10:28:25","modified_gmt":"2024-01-25T09:28:25","slug":"kassa-szallas","status":"publish","type":"page","link":"https:\/\/zlaty-jelen.sk\/hu\/kassa-szallas\/","title":{"rendered":"Szob\u00e1k, \u00c1rak"},"content":{"rendered":"<div  class=\"vc_row wpb_row vc_row-fluid\">\n\t<div class=\"vc_col-sm-12 wpb_column vc_column_container \">\n\t\t<div class=\"wpb_wrapper\">\n\t\t\t\n\t<div class=\"wpb_text_column wpb_content_element \">\n\t\t<div class=\"wpb_wrapper\">\n\t\t\t<h2><strong>SZ\u00c1LL\u00c1S, <span style=\"color: #ff6600;\">\u00c1RAK<\/span><\/strong><\/h2>\n<p>Az \u00e1raink a\u00a0<strong>parkol\u00e1st\u00a0<\/strong>(v\u00e9dett parkol\u00f3) az\u00a0<strong>internet\u00a0haszn\u00e1latot<\/strong> valamint k\u00fcls\u0151 <strong>medence haszn\u00e1lat\u00e1t <\/strong>is\u00a0tartalmazz\u00e1k!<\/p>\n<p><strong>A szoba \u00e1ra tartalmazza a frissen k\u00e9sz\u00edtett reggelit.<\/strong><\/p>\n\n\t\t<\/div> \n\t<\/div> \n\t<div class=\"wpb_text_column wpb_content_element \">\n\t\t<div class=\"wpb_wrapper\">\n\t\t\t<p><strong>H\u00edvjon most!<\/strong>\u00a0<span style=\"color: #ff6600;\">Szobafoglal\u00e1s<\/span>:\u00a0<strong>+421 918 510 686<\/strong><\/p>\n\n\t\t<\/div> \n\t<\/div> <div class=\"invicta_pricingtable\"><div id=\"go-pricing-table-room_prices\" style=\"margin-bottom:20px\"><div class=\"gw-go gw-go-clearfix gw-go-enlarge-current gw-go-space-1p gw-go-no-footer gw-go-3cols\"  data-colnum=\"3\" data-rownum=\"4\" data-equalize=\"true\"><div class=\"gw-go-col-wrap\"><div class=\"gw-go-col gw-go-green4a gw-go-shadow5\"><div class=\"gw-go-header\" style=\"\"><div style=\"height: auto; border-top: 0;height: 45px; background: -webkit-linear-gradient(top,#95ca3d 0,#7eb225 100%);\"><h3 style=\"color: white\">Standard szoba<\/h3><\/div><div style=\"height: auto;border-top: 0;\"><a href=\"#contact_form_pop\" class=\"fancybox-inline\" target=\"_blank\"  rel=\"nofollow\" ><img src=\"https:\/\/zlaty-jelen.sk\/wp-content\/uploads\/2014\/12\/kosice-pension-zlaty-jelen-izba-24-300x200.jpg\" class=\"gw-go-responsive-img\" \/><\/a><div style=\"display:none\" class=\"fancybox-hidden\"><div id=\"contact_form_pop\">\n<div class=\"wpcf7 no-js\" id=\"wpcf7-f2228-o1\" lang=\"hu-HU\" dir=\"ltr\">\n<div class=\"screen-reader-response\"><p role=\"status\" aria-live=\"polite\" aria-atomic=\"true\"><\/p> <ul><\/ul><\/div>\n<form action=\"\/hu\/wp-json\/wp\/v2\/pages\/1824#wpcf7-f2228-o1\" method=\"post\" class=\"wpcf7-form init\" aria-label=\"Kapcsolatfelv\u00e9teli \u0171rlap\" novalidate=\"novalidate\" data-status=\"init\">\n<div style=\"display: none;\">\n<input type=\"hidden\" name=\"_wpcf7\" value=\"2228\" \/>\n<input type=\"hidden\" name=\"_wpcf7_version\" value=\"5.7.3\" \/>\n<input type=\"hidden\" name=\"_wpcf7_locale\" value=\"hu_HU\" \/>\n<input type=\"hidden\" name=\"_wpcf7_unit_tag\" value=\"wpcf7-f2228-o1\" \/>\n<input type=\"hidden\" name=\"_wpcf7_container_post\" value=\"0\" \/>\n<input type=\"hidden\" name=\"_wpcf7_posted_data_hash\" value=\"\" \/>\n<input type=\"hidden\" name=\"_wpcf7_recaptcha_response\" value=\"\" \/>\n<\/div>\n<div class=\"form_description\">\n\t<h2>Foglaljon szob\u00e1t gyorsan, egyszer\u0171en\n\t<\/h2>\n\t<p>Foglal\u00e1s\u00e1t hamar visszaigazoljuk\n\t<\/p>\n<\/div>\n<div class=\"section_break\">\n\t<h3>Foglal\u00e1s r\u00e9szletei\n\t<\/h3>\n<\/div>\n<div class=\"mform_section\">\n\t<ul>\n\t\t<li>\n\t\t\t<p><label>\u00c9rkez\u00e9s*<\/label><span class=\"wpcf7-form-control-wrap date-arrive\"><input size=\"10\" maxlength=\"10\" class=\"wpcf7-form-control wpcf7-date\" id=\"date_start\" type=\"text\" value=\"\" name=\"date-arrive\" \/> <\/span>\n\t\t\t<\/p>\n\t\t<\/li>\n\t\t<li>\n\t\t\t<p><label>T\u00e1voz\u00e1s*<\/label><span class=\"wpcf7-form-control-wrap date-leave\"><input size=\"10\" maxlength=\"10\" class=\"wpcf7-form-control wpcf7-date\" id=\"date_end\" type=\"text\" value=\"\" name=\"date-leave\" \/> <\/span>\n\t\t\t<\/p>\n\t\t<\/li>\n\t\t<li>\n\t\t\t<p><label>Vend\u00e9gek sz\u00e1ma*<\/label><span class=\"wpcf7-form-control-wrap\" data-name=\"text-guests\"><input size=\"2\" maxlength=\"2\" class=\"wpcf7-form-control wpcf7-text wpcf7-validates-as-required\" id=\"text_guests\" aria-required=\"true\" aria-invalid=\"false\" placeholder=\"1\" value=\"\" type=\"text\" name=\"text-guests\" \/><\/span>\n\t\t\t<\/p>\n\t\t<\/li>\n\t<\/ul>\n<\/div>\n<div class=\"msection_break\">\n\t<h3>Kapcsolattart\u00f3 adatai\n\t<\/h3>\n<\/div>\n<div class=\"mform_section mform_contact\">\n\t<ul>\n\t\t<li>\n\t\t\t<p><label>N\u00e9v*<\/label><span class=\"wpcf7-form-control-wrap\" data-name=\"text-name\"><input size=\"25\" class=\"wpcf7-form-control wpcf7-text wpcf7-validates-as-required\" id=\"name\" aria-required=\"true\" aria-invalid=\"false\" value=\"\" type=\"text\" name=\"text-name\" \/><\/span>\n\t\t\t<\/p>\n\t\t<\/li>\n\t\t<li>\n\t\t\t<p><label>Telefon*<\/label><span class=\"wpcf7-form-control-wrap\" data-name=\"text-phone\"><input size=\"25\" class=\"wpcf7-form-control wpcf7-text wpcf7-validates-as-required\" id=\"phone\" aria-required=\"true\" aria-invalid=\"false\" value=\"\" type=\"text\" name=\"text-phone\" \/><\/span>\n\t\t\t<\/p>\n\t\t<\/li>\n\t\t<li>\n\t\t\t<p><label>Email*<\/label><span class=\"wpcf7-form-control-wrap\" data-name=\"text-email\"><input size=\"25\" class=\"wpcf7-form-control wpcf7-text wpcf7-validates-as-required\" id=\"email\" aria-required=\"true\" aria-invalid=\"false\" value=\"\" type=\"text\" name=\"text-email\" \/><\/span>\n\t\t\t<\/p>\n\t\t<\/li>\n\t\t<li>\n\t\t\t<p><label class=\"msg\">\u00dczenet<\/label><span class=\"wpcf7-form-control-wrap\" data-name=\"msg\"><textarea cols=\"40\" rows=\"3\" maxlength=\"255\" class=\"wpcf7-form-control wpcf7-textarea\" aria-invalid=\"false\" name=\"msg\"><\/textarea><\/span>\n\t\t\t<\/p>\n\t\t<\/li>\n\t<\/ul>\n<\/div>\n<div class=\"form_field send\">\n\t<p><input class=\"wpcf7-form-control has-spinner wpcf7-submit\" type=\"submit\" value=\"Foglal\u00e1s\" \/>\n\t<\/p>\n<\/div><div class=\"wpcf7-response-output\" aria-hidden=\"true\"><\/div>\n<\/form>\n<\/div>\n<\/div><\/div><\/div><div style=\"height: auto; padding: 10px; color: black; border-top: 0; background: -webkit-linear-gradient(top,#aad564 0,#98c251 100%)\"><p>K\u00fcl\u00f6n\u00e1gyas szoba minib\u00e1r n\u00e9lk\u00fcl.<\/p><\/div><\/div><ul class=\"gw-go-body\"><li style=\"text-align:left;\"><div class=\"gw-go-body-cell\">80,- \u20ac 1 \u00e1gyas szoba \/ \u00e9j<\/br><span class=\"gw-go-tooltip\" style=\"width:130px; background:#9D9D9D; border-color:#9D9D9D; color:#333333\" ><\/span><\/div><\/li><li class=\"gw-go-even\" style=\"text-align:left;\"><div class=\"gw-go-body-cell\">88,- EUR - 2 \u00e1gyas szoba \/ \u00e9j<span class=\"gw-go-tooltip\" style=\"width:130px; background:#9D9D9D; border-color:#9D9D9D; color:#333333\" ><\/span><\/div><\/li><li style=\"text-align:left;\"><div class=\"gw-go-body-cell\"><span class=\"gw-go-tooltip\" style=\"width:130px; background:#9D9D9D; border-color:#9D9D9D; color:#333333\" ><\/span><\/div><\/li><li class=\"gw-go-even\"><div class=\"gw-go-body-cell\"><span class=\"gw-go-tooltip\" style=\"width:130px; background:#9D9D9D; border-color:#9D9D9D; color:#333333\" ><\/span><\/div><\/li><\/ul><\/div><\/div><div class=\"gw-go-col-wrap\"><div class=\"gw-go-col gw-go-green4a gw-go-shadow2\"><div class=\"gw-go-header\" style=\"\"><div style=\"height: auto; border-top: 0;height: 45px; background: -webkit-linear-gradient(top,#95ca3d 0,#7eb225 100%);\"><h3 style=\"color: white\">Lux szoba<\/h3><\/div><div style=\"height: auto;border-top: 0;\"><img src=\"https:\/\/zlaty-jelen.sk\/wp-content\/uploads\/2014\/12\/kosice-pension-zlaty-jelen-izba-51-300x200.jpg\" class=\"gw-go-responsive-img\" \/><\/div><div style=\"height: auto; padding: 10px; border-top: 0; color: black; background: -webkit-linear-gradient(top,#aad564 0,#98c251 100%)\"><p>Francia\u00e1gyas szoba minib\u00e1rral.<\/p><\/div><\/div><ul class=\"gw-go-body\"><li style=\"text-align:left;\"><div class=\"gw-go-body-cell\">86,- \u20ac 1 \u00e1gyas szoba  \/ \u00e9j<span class=\"gw-go-tooltip\" style=\"width:130px; background:#9D9D9D; border-color:#9D9D9D; color:#333333\" ><\/span><\/div><\/li><li class=\"gw-go-even\" style=\"text-align:left;\"><div class=\"gw-go-body-cell\">96,- \u20ac 2 \u00e1gyas szoba \/ \u00e9j<span class=\"gw-go-tooltip\" style=\"width:130px; background:#9D9D9D; border-color:#9D9D9D; color:#333333\" ><\/span><\/div><\/li><li style=\"text-align:left;\"><div class=\"gw-go-body-cell\">108,- \u20ac 3 \u00e1gyas szoba \/ \u00e9j<span class=\"gw-go-tooltip\" style=\"width:130px; background:#9D9D9D; border-color:#9D9D9D; color:#333333\" ><\/span><\/div><\/li><li class=\"gw-go-even\"><div class=\"gw-go-body-cell\"><span class=\"gw-go-tooltip\" style=\"width:130px; background:#9D9D9D; border-color:#9D9D9D; color:#333333\" ><\/span><\/div><\/li><\/ul><\/div><\/div><div class=\"gw-go-col-wrap\"><div class=\"gw-go-col gw-go-green4a gw-go-shadow4\"><div class=\"gw-go-header\" style=\"\"><div style=\"height: auto; border-top: 0;height: 45px; background: -webkit-linear-gradient(top,#95ca3d 0,#7eb225 100%);\"><h3 style=\"color: white\">Apartman<\/h3><\/div><div style=\"height: auto;border-top: 0;\"><img src=\"https:\/\/zlaty-jelen.sk\/wp-content\/uploads\/2014\/12\/kosice-pension-zlaty-jelen-izba-13-300x199.jpg\" class=\"gw-go-responsive-img\" \/><\/div><div style=\"height: auto; padding: 10px; border-top: 0; color: black; background: -webkit-linear-gradient(top,#aad564 0,#98c251 100%)\"><p>2+1 vagy 2+1+2 \u00e1gyas apartmanok.<\/p><\/div><\/div><ul class=\"gw-go-body\"><li style=\"text-align:left;\"><div class=\"gw-go-body-cell\">92,- \u20ac 1 f\u0151\/\u00e9j<span class=\"gw-go-tooltip\" style=\"width:130px; background:#9D9D9D; border-color:#9D9D9D; color:#333333\" ><\/span><\/div><\/li><li class=\"gw-go-even\" style=\"text-align:left;\"><div class=\"gw-go-body-cell\">106,- \u20ac 2 f\u0151\/\u00e9j<span class=\"gw-go-tooltip\" style=\"width:130px; background:#9D9D9D; border-color:#9D9D9D; color:#333333\" ><\/span><\/div><\/li><li style=\"text-align:left;\"><div class=\"gw-go-body-cell\">120,- \u20ac 3 f\u0151\/\u00e9j<span class=\"gw-go-tooltip\" style=\"width:130px; background:#9D9D9D; border-color:#9D9D9D; color:#333333\" ><\/span><\/div><\/li><li class=\"gw-go-even\" style=\"text-align:left;\"><div class=\"gw-go-body-cell\">152,- \u20ac 4 f\u0151\/\u00e9j<span class=\"gw-go-tooltip\" style=\"width:130px; background:#9D9D9D; border-color:#9D9D9D; color:#333333\" ><\/span><\/div><\/li><\/ul><\/div><\/div><\/div><\/div><\/div>\n\t<div class=\"wpb_text_column wpb_content_element \">\n\t\t<div class=\"wpb_wrapper\">\n\t\t\t<p><strong>K\u00e9rd\u00e9se van<\/strong>? <span style=\"color: #ff6600;\"><a style=\"color: #ff6600;\" title=\"Kapcsolat\" href=\"http:\/\/zlaty-jelen.sk\/hu\/kapcsolat\/\">\u00cdrjon nek\u00fcnk<\/a><\/span><\/p>\n\n\t\t<\/div> \n\t<\/div> \t<div  class=\"vc_row wpb_row vc_inner vc_row-fluid vc_custom_1421616752240\">\n\t<div class=\"vc_col-sm-8 wpb_column vc_column_container \">\n\t\t<div class=\"wpb_wrapper\">\n\t\t\t\n\t<div class=\"wpb_text_column wpb_content_element \">\n\t\t<div class=\"wpb_wrapper\">\n\t\t\t<h2>K\u00c9NYELEM<\/h2>\n<p class=\"primary\"><strong><span style=\"color: #808080;\">Sz\u00e1ll\u00e1s Kass\u00e1n megfizethet\u0151 \u00e1ron<\/span><\/strong><\/p>\n<p style=\"text-align: justify;\">Szob\u00e1ink kialak\u00edt\u00e1s\u00e1ban t\u00f6rekedt\u00fcnk a <span style=\"color: #000000;\"><strong>min\u0151s\u00e9g<\/strong><\/span>, a\u00a0harm\u00f3nia, a\u00a0<span style=\"color: #000000;\">k\u00e9nyelem <\/span>\u00e9s az <strong>otthonos hangulat<\/strong> megteremt\u00e9s\u00e9re. Minden szob\u00e1hoz egyedi f\u00fcrd\u0151szoba tartozik saj\u00e1tos st\u00edlusjegyekkel d\u00edszitve.<\/p>\n<p style=\"text-align: justify;\">A sz\u00e1llodaipar legk\u00e9nyelmesebb \u00e1gyainak elk\u00e9sz\u00edt\u00e9s\u00e9ben nagy tapasztalattal rendelkez\u0151 gy\u00e1rt\u00f3l sz\u00e1rmaznak matracaink mely biztos\u00edt\u00e9k a t\u00f6k\u00e9letes pihen\u00e9sre! Heteken kereszt\u00fcl tesztelt\u00fck a piacon tal\u00e1lhat\u00f3 \u00e1gyakat \u00e9s matracokat mire megtal\u00e1ltuk a megfelel\u0151t. Vend\u00e9geinkt\u0151l rengeteg pozit\u00edv visszajelz\u00e9st kapunk.<\/p>\n\n\t\t<\/div> \n\t<\/div> \n\t\t<\/div> \n\t<\/div> \n\n\t<div class=\"vc_col-sm-4 wpb_column vc_column_container \">\n\t\t<div class=\"wpb_wrapper\">\n\t\t\t\n\t<div class=\"wpb_single_image wpb_content_element vc_align_right\">\n\t\t<div class=\"wpb_wrapper\">\n\t\t\t\n\t\t\t<div class=\"vc_single_image-wrapper vc_box_rounded  vc_box_border_grey\"><\/div>\n\t\t<\/div> \n\t<\/div> \n\t\t<\/div> \n\t<\/div> \n<\/div>\t<div  class=\"vc_row wpb_row vc_inner vc_row-fluid vc_custom_1421617738622\">\n\t<div class=\"vc_col-sm-3 wpb_column vc_column_container \">\n\t\t<div class=\"wpb_wrapper\">\n\t\t\t\n\t<div class=\"wpb_single_image wpb_content_element vc_align_left\">\n\t\t<div class=\"wpb_wrapper\">\n\t\t\t\n\t\t\t<a href=\"https:\/\/zlaty-jelen.sk\/wp-content\/uploads\/2014\/12\/kosice-ubytovanie-zlaty-jelen-penzion-190-1024x680.jpg\" target=\"_self\"><div class=\"vc_single_image-wrapper vc_box_rounded  vc_box_border_grey\"><img width=\"3008\" height=\"2000\" src=\"https:\/\/zlaty-jelen.sk\/wp-content\/uploads\/2014\/12\/kosice-ubytovanie-zlaty-jelen-penzion-190.jpg\" class=\"vc_single_image-img attachment-full\" alt=\"\" decoding=\"async\" loading=\"lazy\" srcset=\"https:\/\/zlaty-jelen.sk\/wp-content\/uploads\/2014\/12\/kosice-ubytovanie-zlaty-jelen-penzion-190.jpg 3008w, https:\/\/zlaty-jelen.sk\/wp-content\/uploads\/2014\/12\/kosice-ubytovanie-zlaty-jelen-penzion-190-300x199.jpg 300w, https:\/\/zlaty-jelen.sk\/wp-content\/uploads\/2014\/12\/kosice-ubytovanie-zlaty-jelen-penzion-190-1024x680.jpg 1024w\" sizes=\"(max-width: 3008px) 100vw, 3008px\" \/><\/div><\/a>\n\t\t<\/div> \n\t<\/div> \n\t\t<\/div> \n\t<\/div> \n\n\t<div class=\"vc_col-sm-4 wpb_column vc_column_container \">\n\t\t<div class=\"wpb_wrapper\">\n\t\t\t\n\t<div class=\"wpb_text_column wpb_content_element \">\n\t\t<div class=\"wpb_wrapper\">\n\t\t\t<h2><strong>FELSZERELTS\u00c9G<\/strong><\/h2>\n<ul>\n<li>minib\u00e1r (Lux \u00e9s apartmanok eset\u00e9ben)<\/li>\n<li>\u00e9breszt\u0151\u00f3ra<\/li>\n<li>H\u00e1ziszolga<\/li>\n<li>sz\u00e9f<\/li>\n<li>l\u00e9gkondicion\u00e1l\u00f3<\/li>\n<\/ul>\n\n\t\t<\/div> \n\t<\/div> \n\t\t<\/div> \n\t<\/div> \n\n\t<div class=\"vc_col-sm-4 wpb_column vc_column_container \">\n\t\t<div class=\"wpb_wrapper\">\n\t\t\t\t<div class=\"vc_empty_space\"  style=\"height: 32px\" ><span\n\t\t\tclass=\"vc_empty_space_inner\"><\/span><\/div>\n\n\n\t<div class=\"wpb_text_column wpb_content_element \">\n\t\t<div class=\"wpb_wrapper\">\n\t\t\t<ul>\n<li>f\u00fcrd\u0151szoba \u00e9s toilette<\/li>\n<li>K\u00e9nyelmes \u00e1gyak <strong>gy\u00f3gymatrac<\/strong>cal<\/li>\n<li><strong>Internet<\/strong> csatlakoz\u00e1s (vezet\u00e9kes, WiFi)<\/li>\n<li>LCD telev\u00edzi\u00f3<\/li>\n<li>Telefon<\/li>\n<\/ul>\n\n\t\t<\/div> \n\t<\/div> \n\t\t<\/div> \n\t<\/div> \n<\/div>\t<div  class=\"vc_row wpb_row vc_inner vc_row-fluid vc_custom_1421617756329\">\n\t<div class=\"vc_col-sm-4 wpb_column vc_column_container \">\n\t\t<div class=\"wpb_wrapper\">\n\t\t\t\n\t<div class=\"wpb_text_column wpb_content_element \">\n\t\t<div class=\"wpb_wrapper\">\n\t\t\t<h2><strong>SZOB\u00c1INK<\/strong><\/h2>\n<p style=\"text-align: justify;\"><strong>Standard szoba<\/strong>: k\u00fcl\u00f6n\u00e1gyas szoba 1 vagy 2 f\u0151 r\u00e9sz\u00e9re saj\u00e1t f\u00fcrd\u0151szob\u00e1val.<\/p>\n<p style=\"text-align: justify;\"><strong>Lux szoba<\/strong>: francia\u00e1gyas szoba minib\u00e1rral \u00e9s l\u00e9gkondicion\u00e1ll\u00f3val<\/p>\n<p style=\"text-align: justify;\"><strong>Apartman<\/strong><\/p>\n<ul>\n<li style=\"text-align: justify;\">1 szob\u00e1s: 2+1 \u00e1ggyal, saj\u00e1t konyh\u00e1val<\/li>\n<li style=\"text-align: justify;\">2 szob\u00e1s: 2+1 \u00e1gyas illetve 2 \u00e1gyas. A panzi\u00f3 konyh\u00e1lya haszn\u00e1lhat\u00f3 a reggeliztet\u00e9s ut\u00e1n.<\/li>\n<\/ul>\n\n\t\t<\/div> \n\t<\/div> \n\t\t<\/div> \n\t<\/div> \n\n\t<div class=\"vc_col-sm-8 wpb_column vc_column_container \">\n\t\t<div class=\"wpb_wrapper\">\n\t\t\t\n\t<div class=\"wpb_text_column wpb_content_element \">\n\t\t<div class=\"wpb_wrapper\">\n\t\t\t<div id='gallery-1' class='gallery galleryid-1824 gallery-columns-3 gallery-size-thumbnail'><dl class='gallery-item'>\n\t\t\t<dt class='gallery-icon landscape'>\n\t\t\t\t<a href='https:\/\/zlaty-jelen.sk\/wp-content\/uploads\/2015\/01\/kosice-pension-zlaty-jelen-izba-21.jpg'><img width=\"150\" height=\"150\" src=\"https:\/\/zlaty-jelen.sk\/wp-content\/uploads\/2015\/01\/kosice-pension-zlaty-jelen-izba-21-150x150.jpg\" class=\"attachment-thumbnail size-thumbnail\" alt=\"\" decoding=\"async\" loading=\"lazy\" aria-describedby=\"gallery-1-2086\" \/><\/a>\n\t\t\t<\/dt>\n\t\t\t\t<dd class='wp-caption-text gallery-caption' id='gallery-1-2086'>\n\t\t\t\tStandard Szoba\n\t\t\t\t<\/dd><\/dl><dl class='gallery-item'>\n\t\t\t<dt class='gallery-icon landscape'>\n\t\t\t\t<a href='https:\/\/zlaty-jelen.sk\/wp-content\/uploads\/2014\/12\/kosice-pension-zlaty-jelen-izba-51.jpg'><img width=\"150\" height=\"150\" src=\"https:\/\/zlaty-jelen.sk\/wp-content\/uploads\/2014\/12\/kosice-pension-zlaty-jelen-izba-51-150x150.jpg\" class=\"attachment-thumbnail size-thumbnail\" alt=\"\" decoding=\"async\" loading=\"lazy\" \/><\/a>\n\t\t\t<\/dt><\/dl><dl class='gallery-item'>\n\t\t\t<dt class='gallery-icon portrait'>\n\t\t\t\t<a href='https:\/\/zlaty-jelen.sk\/wp-content\/uploads\/2014\/12\/kosice-pension-zlaty-jelen-izba-64.jpg'><img width=\"150\" height=\"150\" src=\"https:\/\/zlaty-jelen.sk\/wp-content\/uploads\/2014\/12\/kosice-pension-zlaty-jelen-izba-64-150x150.jpg\" class=\"attachment-thumbnail size-thumbnail\" alt=\"\" decoding=\"async\" loading=\"lazy\" \/><\/a>\n\t\t\t<\/dt><\/dl><br style=\"clear: both\" \/><dl class='gallery-item'>\n\t\t\t<dt class='gallery-icon landscape'>\n\t\t\t\t<a href='https:\/\/zlaty-jelen.sk\/wp-content\/uploads\/2014\/12\/kosice-pension-zlaty-jelen-izba-53.jpg'><img width=\"150\" height=\"150\" src=\"https:\/\/zlaty-jelen.sk\/wp-content\/uploads\/2014\/12\/kosice-pension-zlaty-jelen-izba-53-150x150.jpg\" class=\"attachment-thumbnail size-thumbnail\" alt=\"\" decoding=\"async\" loading=\"lazy\" aria-describedby=\"gallery-1-1788\" \/><\/a>\n\t\t\t<\/dt>\n\t\t\t\t<dd class='wp-caption-text gallery-caption' id='gallery-1-1788'>\n\t\t\t\tF\u00fcrd\u0151szoba\n\t\t\t\t<\/dd><\/dl><dl class='gallery-item'>\n\t\t\t<dt class='gallery-icon portrait'>\n\t\t\t\t<a href='https:\/\/zlaty-jelen.sk\/wp-content\/uploads\/2015\/01\/kosice-pension-zlaty-jelen-izba-33.jpg'><img width=\"150\" height=\"150\" src=\"https:\/\/zlaty-jelen.sk\/wp-content\/uploads\/2015\/01\/kosice-pension-zlaty-jelen-izba-33-150x150.jpg\" class=\"attachment-thumbnail size-thumbnail\" alt=\"\" decoding=\"async\" loading=\"lazy\" aria-describedby=\"gallery-1-2106\" \/><\/a>\n\t\t\t<\/dt>\n\t\t\t\t<dd class='wp-caption-text gallery-caption' id='gallery-1-2106'>\n\t\t\t\tF\u00fcrd\u0151szoba\n\t\t\t\t<\/dd><\/dl>\n\t\t\t<br style='clear: both' \/>\n\t\t<\/div>\n\n\n\t\t<\/div> \n\t<\/div> \n\t\t<\/div> \n\t<\/div> \n<\/div>\t<div  class=\"vc_row wpb_row vc_inner vc_row-fluid\">\n\t<div class=\"vc_col-sm-3 wpb_column vc_column_container \">\n\t\t<div class=\"wpb_wrapper\">\n\t\t\t\n\t<div class=\"wpb_single_image wpb_content_element vc_align_left\">\n\t\t<div class=\"wpb_wrapper\">\n\t\t\t\n\t\t\t<a href=\"https:\/\/zlaty-jelen.sk\/wp-content\/uploads\/2015\/01\/kosice_ubytovanie_zlaty_jelen_0461.jpg\" target=\"_self\"><div class=\"vc_single_image-wrapper vc_box_rounded  vc_box_border_grey\"><img width=\"800\" height=\"600\" src=\"https:\/\/zlaty-jelen.sk\/wp-content\/uploads\/2015\/01\/kosice_ubytovanie_zlaty_jelen_0461.jpg\" class=\"vc_single_image-img attachment-full\" alt=\"\" decoding=\"async\" loading=\"lazy\" srcset=\"https:\/\/zlaty-jelen.sk\/wp-content\/uploads\/2015\/01\/kosice_ubytovanie_zlaty_jelen_0461.jpg 800w, https:\/\/zlaty-jelen.sk\/wp-content\/uploads\/2015\/01\/kosice_ubytovanie_zlaty_jelen_0461-300x225.jpg 300w\" sizes=\"(max-width: 800px) 100vw, 800px\" \/><\/div><\/a>\n\t\t<\/div> \n\t<\/div> \n\t\t<\/div> \n\t<\/div> \n\n\t<div class=\"vc_col-sm-9 wpb_column vc_column_container \">\n\t\t<div class=\"wpb_wrapper\">\n\t\t\t\n\t<div class=\"wpb_text_column wpb_content_element \">\n\t\t<div class=\"wpb_wrapper\">\n\t\t\t<h2><strong>DOH\u00c1NYZ\u00c1S<\/strong><\/h2>\n<p style=\"text-align: justify;\">Erre a c\u00e9lra a panzi\u00f3ban kialak\u00edtott fillag\u00f3ria \u00e1ll rendelkez\u00e9sre mely k\u00e9nyelmes sz\u00e9kekel \u00e9s asztallal berendezett pihen\u0151 ter\u00fclet \u00e9s egyben j\u00f3 besz\u00e9lget\u00e9sek szintere is.\u00a0Szob\u00e1inkban a doh\u00e1nyz\u00e1s nem megengedett.<\/p>\n\n\t\t<\/div> \n\t<\/div> \n\t\t<\/div> \n\t<\/div> \n<\/div>\t<div  class=\"vc_row wpb_row vc_inner vc_row-fluid vc_custom_1421617861759\">\n\t<div class=\"vc_col-sm-8 wpb_column vc_column_container \">\n\t\t<div class=\"wpb_wrapper\">\n\t\t\t\n\t<div class=\"wpb_text_column wpb_content_element \">\n\t\t<div class=\"wpb_wrapper\">\n\t\t\t<h2><strong>PARKOL\u00c1S<\/strong><\/h2>\n<p style=\"text-align: justify;\">Parkol\u00f3 kapacit\u00e1sunk lehet\u0151v\u00e9 teszi minden sz\u00e1ll\u00f3vend\u00e9g r\u00e9sz\u00e9re a <span style=\"color: #000000;\"><strong>biztons\u00e1gos <\/strong><\/span>parkol\u00e1st. A parkol\u00f3 z\u00e1rt, kamer\u00e1val megfigyelt ter\u00fcleten helyezkedik el. Panzi\u00f3nk\u00a0minden vend\u00e9ge <strong>i<\/strong><span style=\"color: #000000;\"><strong>ngyenes<\/strong>en <\/span>veheti\u00a0\u00a0ig\u00e9nybe.<\/p>\n\n\t\t<\/div> \n\t<\/div> \n\t\t<\/div> \n\t<\/div> \n\n\t<div class=\"vc_col-sm-4 wpb_column vc_column_container \">\n\t\t<div class=\"wpb_wrapper\">\n\t\t\t\n\t<div class=\"wpb_single_image wpb_content_element vc_align_right\">\n\t\t<div class=\"wpb_wrapper\">\n\t\t\t\n\t\t\t<a href=\"https:\/\/zlaty-jelen.sk\/wp-content\/uploads\/2014\/11\/Zlaty_Jelen_Parking_lot-1024x524.jpg\" target=\"_self\"><div class=\"vc_single_image-wrapper vc_box_rounded  vc_box_border_grey\"><img width=\"800\" height=\"409\" src=\"https:\/\/zlaty-jelen.sk\/wp-content\/uploads\/2014\/11\/Zlaty_Jelen_Parking_lot-e1421700166506.jpg\" class=\"vc_single_image-img attachment-full\" alt=\"\" decoding=\"async\" loading=\"lazy\" \/><\/div><\/a>\n\t\t<\/div> \n\t<\/div> \n\t\t<\/div> \n\t<\/div> \n<\/div>\t<div  class=\"vc_row wpb_row vc_inner vc_row-fluid\">\n\t<div class=\"vc_col-sm-3 wpb_column vc_column_container \">\n\t\t<div class=\"wpb_wrapper\">\n\t\t\t\n\t<div class=\"wpb_single_image wpb_content_element vc_align_left\">\n\t\t<div class=\"wpb_wrapper\">\n\t\t\t\n\t\t\t<div class=\"vc_single_image-wrapper vc_box_rounded  vc_box_border_grey\"><\/div>\n\t\t<\/div> \n\t<\/div> \n\t\t<\/div> \n\t<\/div> \n\n\t<div class=\"vc_col-sm-9 wpb_column vc_column_container \">\n\t\t<div class=\"wpb_wrapper\">\n\t\t\t\n\t<div class=\"wpb_text_column wpb_content_element \">\n\t\t<div class=\"wpb_wrapper\">\n\t\t\t<h2><strong>MEDENCE<\/strong><\/h2>\n<p style=\"text-align: justify;\"><span style=\"color: #000000;\"><strong>T\u00f6lt\u0151dj\u00f6n fel<\/strong><\/span> testileg \u00e9s lelkileg a panzi\u00f3 kertj\u00e9ben tal\u00e1lhat\u00f3\u00a0\u00a04&#215;8 m\u00e9teres, 140 cm m\u00e9ly medenc\u00e9nkben.<\/p>\n<p style=\"text-align: justify;\">A legmodernebb techinka biztos\u00edtja a <strong>t\u00f6k\u00e9letes v\u00edzmin\u0151s\u00e9get<\/strong>. Remek felfirss\u00fcl\u00e9st ny\u00fajt legyen sz\u00f3 egy reggeli friss\u00edt\u0151 \u00fasz\u00e1sr\u00f3l, vagy egy napk\u00f6zbeni pancsol\u00e1sr\u00f3l.<\/p>\n<p style=\"text-align: justify;\">A medence vil\u00e1g\u00edt\u00e1sa egy <strong>\u00e9jszakai f\u00fcrd\u0151z\u00e9s<\/strong> k\u00edv\u00e1ll\u00f3 hangulatot teremt.<\/p>\n\n\t\t<\/div> \n\t<\/div> \n\t\t<\/div> \n\t<\/div> \n<\/div>\t<div  class=\"vc_row wpb_row vc_inner vc_row-fluid vc_custom_1421617756329\">\n\t<div class=\"vc_col-sm-8 wpb_column vc_column_container \">\n\t\t<div class=\"wpb_wrapper\">\n\t\t\t\n\t<div class=\"wpb_text_column wpb_content_element \">\n\t\t<div class=\"wpb_wrapper\">\n\t\t\t<h2><strong>SZAUNA<\/strong><\/h2>\n<p style=\"text-align: justify;\">A szauna <strong><span style=\"color: #000000;\">j\u00f3t\u00e9kony hat\u00e1sa<\/span><\/strong> er\u0151s\u00edti az immunrendszert, edzi a sz\u00edvet, jav\u00edtja a v\u00e9rkering\u00e9st, m\u00e9regtelen\u00edti a szervezetet, j\u00f3 hat\u00e1ssal van a b\u0151rre.<\/p>\n<p style=\"text-align: justify;\"><strong>4 f\u0151s finn szaun\u00e1nk<\/strong> zuhanyz\u00f3val, <strong>relax\u00e1cios \u00e1ggyal<\/strong>, CD lej\u00e1tsz\u00f3val \u00e9s szabadon v\u00e1lasztott ill\u00f3olajokkal <strong>igazi \u00e9lm\u00e9ny<\/strong> a testnek \u00e9s l\u00e9leknek!<\/p>\n<p style=\"text-align: justify;\">Egy kellemes szaun\u00e1z\u00e1s ut\u00e1n a kerti medenc\u00e9ben egy mer\u00fcl\u00e9s remek kieg\u00e9sz\u00edt\u0151je az ellazul\u00e1snak.<\/p>\n\n\t\t<\/div> \n\t<\/div> \n\t\t<\/div> \n\t<\/div> \n\n\t<div class=\"vc_col-sm-4 wpb_column vc_column_container \">\n\t\t<div class=\"wpb_wrapper\">\n\t\t\t\n\t<div class=\"wpb_single_image wpb_content_element vc_align_right\">\n\t\t<div class=\"wpb_wrapper\">\n\t\t\t\n\t\t\t<a href=\"https:\/\/zlaty-jelen.sk\/wp-content\/uploads\/2014\/12\/kosice-ubytovanie-zlaty-jelen-penzion-140.jpg\" target=\"_self\"><div class=\"vc_single_image-wrapper vc_box_rounded  vc_box_border_grey\"><img width=\"200\" height=\"300\" src=\"https:\/\/zlaty-jelen.sk\/wp-content\/uploads\/2014\/12\/kosice-ubytovanie-zlaty-jelen-penzion-140-200x300.jpg\" class=\"vc_single_image-img attachment-medium\" alt=\"\" decoding=\"async\" loading=\"lazy\" srcset=\"https:\/\/zlaty-jelen.sk\/wp-content\/uploads\/2014\/12\/kosice-ubytovanie-zlaty-jelen-penzion-140-200x300.jpg 200w, https:\/\/zlaty-jelen.sk\/wp-content\/uploads\/2014\/12\/kosice-ubytovanie-zlaty-jelen-penzion-140.jpg 450w\" sizes=\"(max-width: 200px) 100vw, 200px\" \/><\/div><\/a>\n\t\t<\/div> \n\t<\/div> \n\t\t<\/div> \n\t<\/div> \n<\/div>\t<div  class=\"vc_row wpb_row vc_inner vc_row-fluid\">\n\t<div class=\"vc_col-sm-3 wpb_column vc_column_container \">\n\t\t<div class=\"wpb_wrapper\">\n\t\t\t\n\t<div class=\"wpb_single_image wpb_content_element vc_align_left\">\n\t\t<div class=\"wpb_wrapper\">\n\t\t\t\n\t\t\t<a href=\"https:\/\/zlaty-jelen.sk\/wp-content\/uploads\/2015\/01\/free-wifi.jpg\" target=\"_self\"><div class=\"vc_single_image-wrapper vc_box_rounded  vc_box_border_grey\"><img width=\"1000\" height=\"1000\" src=\"https:\/\/zlaty-jelen.sk\/wp-content\/uploads\/2015\/01\/free-wifi.jpg\" class=\"vc_single_image-img attachment-full\" alt=\"\" decoding=\"async\" loading=\"lazy\" srcset=\"https:\/\/zlaty-jelen.sk\/wp-content\/uploads\/2015\/01\/free-wifi.jpg 1000w, https:\/\/zlaty-jelen.sk\/wp-content\/uploads\/2015\/01\/free-wifi-150x150.jpg 150w, https:\/\/zlaty-jelen.sk\/wp-content\/uploads\/2015\/01\/free-wifi-300x300.jpg 300w\" sizes=\"(max-width: 1000px) 100vw, 1000px\" \/><\/div><\/a>\n\t\t<\/div> \n\t<\/div> \n\t\t<\/div> \n\t<\/div> \n\n\t<div class=\"vc_col-sm-9 wpb_column vc_column_container \">\n\t\t<div class=\"wpb_wrapper\">\n\t\t\t\n\t<div class=\"wpb_text_column wpb_content_element \">\n\t\t<div class=\"wpb_wrapper\">\n\t\t\t<h2><strong><span style=\"color: #000000;\">INGYENES WIFI<\/span><\/strong><\/h2>\n<p style=\"text-align: justify;\">Panzi\u00f3nk folyamatosan t\u00f6rekszik arra, hogy a <strong>legjobb szolg\u00e1ltat\u00e1s<\/strong>t ny\u00fajtsa \u00d6nnek. \u00c9rezze mag\u00e1t otthon n\u00e1lunk, \u00e9s maradjon kapcsolatban \u00fczleti partnereivel, csal\u00e1dj\u00e1val vagy bar\u00e1taival az <strong>ingyenes Wifi<\/strong> h\u00e1l\u00f3zatnak k\u00f6sz\u00f6nhet\u0151en. T\u00f6ltse le emailjeit, b\u00f6ng\u00e9ssze kedvenc woboldalait!<\/p>\n\n\t\t<\/div> \n\t<\/div> \n\t\t<\/div> \n\t<\/div> \n<\/div>\n\t\t<\/div> \n\t<\/div> \n<\/div>\t<div  class=\"vc_row wpb_row vc_row-fluid\">\n\t<div class=\"vc_col-sm-12 wpb_column vc_column_container \">\n\t\t<div class=\"wpb_wrapper\">\n\t\t\t\t<div class=\"vc_separator wpb_content_element vc_sep_width_100 vc_sep_pos_align_center vc_separator_no_text vc_sep_color_grey\">\n\t\t<span class=\"vc_sep_holder vc_sep_holder_l\"><span class=\"vc_sep_line\"><\/span><\/span>\n\t\t\t\t<span class=\"vc_sep_holder vc_sep_holder_r\"><span class=\"vc_sep_line\"><\/span><\/span>\n\t<\/div>\n\n\n\t<div class=\"wpb_text_column wpb_content_element \">\n\t\t<div class=\"wpb_wrapper\">\n\t\t\t<div id='gallery-2' class='gallery galleryid-1824 gallery-columns-6 gallery-size-thumbnail'><dl class='gallery-item'>\n\t\t\t<dt class='gallery-icon landscape'>\n\t\t\t\t<a href='https:\/\/zlaty-jelen.sk\/wp-content\/uploads\/2014\/12\/kosice-ubytovanie-zlaty-jelen-penzion-040.jpg'><img width=\"150\" height=\"150\" src=\"https:\/\/zlaty-jelen.sk\/wp-content\/uploads\/2014\/12\/kosice-ubytovanie-zlaty-jelen-penzion-040-150x150.jpg\" class=\"attachment-thumbnail size-thumbnail\" alt=\"\" decoding=\"async\" loading=\"lazy\" \/><\/a>\n\t\t\t<\/dt><\/dl><dl class='gallery-item'>\n\t\t\t<dt class='gallery-icon portrait'>\n\t\t\t\t<a href='https:\/\/zlaty-jelen.sk\/wp-content\/uploads\/2014\/12\/kosice-ubytovanie-zlaty-jelen-penzion-000.jpg'><img width=\"150\" height=\"150\" src=\"https:\/\/zlaty-jelen.sk\/wp-content\/uploads\/2014\/12\/kosice-ubytovanie-zlaty-jelen-penzion-000-150x150.jpg\" class=\"attachment-thumbnail size-thumbnail\" alt=\"\" decoding=\"async\" loading=\"lazy\" \/><\/a>\n\t\t\t<\/dt><\/dl><dl class='gallery-item'>\n\t\t\t<dt class='gallery-icon portrait'>\n\t\t\t\t<a href='https:\/\/zlaty-jelen.sk\/wp-content\/uploads\/2014\/12\/kosice-ubytovanie-zlaty-jelen-penzion-160.jpg'><img width=\"150\" height=\"150\" src=\"https:\/\/zlaty-jelen.sk\/wp-content\/uploads\/2014\/12\/kosice-ubytovanie-zlaty-jelen-penzion-160-150x150.jpg\" class=\"attachment-thumbnail size-thumbnail\" alt=\"\" decoding=\"async\" loading=\"lazy\" \/><\/a>\n\t\t\t<\/dt><\/dl><dl class='gallery-item'>\n\t\t\t<dt class='gallery-icon landscape'>\n\t\t\t\t<a href='https:\/\/zlaty-jelen.sk\/wp-content\/uploads\/2014\/12\/kosice-pension-zlaty-jelen-izba-11.jpg'><img width=\"150\" height=\"150\" src=\"https:\/\/zlaty-jelen.sk\/wp-content\/uploads\/2014\/12\/kosice-pension-zlaty-jelen-izba-11-150x150.jpg\" class=\"attachment-thumbnail size-thumbnail\" alt=\"\" decoding=\"async\" loading=\"lazy\" \/><\/a>\n\t\t\t<\/dt><\/dl><dl class='gallery-item'>\n\t\t\t<dt class='gallery-icon landscape'>\n\t\t\t\t<a href='https:\/\/zlaty-jelen.sk\/wp-content\/uploads\/2014\/12\/kosice-pension-zlaty-jelen-izba-32.jpg'><img width=\"150\" height=\"150\" src=\"https:\/\/zlaty-jelen.sk\/wp-content\/uploads\/2014\/12\/kosice-pension-zlaty-jelen-izba-32-150x150.jpg\" class=\"attachment-thumbnail size-thumbnail\" alt=\"\" decoding=\"async\" loading=\"lazy\" \/><\/a>\n\t\t\t<\/dt><\/dl><dl class='gallery-item'>\n\t\t\t<dt class='gallery-icon landscape'>\n\t\t\t\t<a href='https:\/\/zlaty-jelen.sk\/wp-content\/uploads\/2014\/12\/kosice-pension-zlaty-jelen-izba-71.jpg'><img width=\"150\" height=\"150\" src=\"https:\/\/zlaty-jelen.sk\/wp-content\/uploads\/2014\/12\/kosice-pension-zlaty-jelen-izba-71-150x150.jpg\" class=\"attachment-thumbnail size-thumbnail\" alt=\"\" decoding=\"async\" loading=\"lazy\" \/><\/a>\n\t\t\t<\/dt><\/dl><br style=\"clear: both\" \/><dl class='gallery-item'>\n\t\t\t<dt class='gallery-icon portrait'>\n\t\t\t\t<a href='https:\/\/zlaty-jelen.sk\/wp-content\/uploads\/2014\/12\/kosice-pension-zlaty-jelen-izba-64.jpg'><img width=\"150\" height=\"150\" src=\"https:\/\/zlaty-jelen.sk\/wp-content\/uploads\/2014\/12\/kosice-pension-zlaty-jelen-izba-64-150x150.jpg\" class=\"attachment-thumbnail size-thumbnail\" alt=\"\" decoding=\"async\" loading=\"lazy\" \/><\/a>\n\t\t\t<\/dt><\/dl><dl class='gallery-item'>\n\t\t\t<dt class='gallery-icon portrait'>\n\t\t\t\t<a href='https:\/\/zlaty-jelen.sk\/wp-content\/uploads\/2014\/12\/kosice-ubytovanie-zlaty-jelen-penzion-170.jpg'><img width=\"150\" height=\"150\" src=\"https:\/\/zlaty-jelen.sk\/wp-content\/uploads\/2014\/12\/kosice-ubytovanie-zlaty-jelen-penzion-170-150x150.jpg\" class=\"attachment-thumbnail size-thumbnail\" alt=\"\" decoding=\"async\" loading=\"lazy\" \/><\/a>\n\t\t\t<\/dt><\/dl><dl class='gallery-item'>\n\t\t\t<dt class='gallery-icon landscape'>\n\t\t\t\t<a href='https:\/\/zlaty-jelen.sk\/wp-content\/uploads\/2014\/12\/kosice-svadba-penzion-12.jpg'><img width=\"150\" height=\"150\" src=\"https:\/\/zlaty-jelen.sk\/wp-content\/uploads\/2014\/12\/kosice-svadba-penzion-12-150x150.jpg\" class=\"attachment-thumbnail size-thumbnail\" alt=\"\" decoding=\"async\" loading=\"lazy\" \/><\/a>\n\t\t\t<\/dt><\/dl><dl class='gallery-item'>\n\t\t\t<dt class='gallery-icon landscape'>\n\t\t\t\t<a href='https:\/\/zlaty-jelen.sk\/wp-content\/uploads\/2014\/12\/kosice-pension-zlaty-jelen-izba-51.jpg'><img width=\"150\" height=\"150\" src=\"https:\/\/zlaty-jelen.sk\/wp-content\/uploads\/2014\/12\/kosice-pension-zlaty-jelen-izba-51-150x150.jpg\" class=\"attachment-thumbnail size-thumbnail\" alt=\"\" decoding=\"async\" loading=\"lazy\" \/><\/a>\n\t\t\t<\/dt><\/dl>\n\t\t\t<br style='clear: both' \/>\n\t\t<\/div>\n\n<h3><a title=\"K\u00e9pek a Panzi\u00f3r\u00f3l\" href=\"http:\/\/zlaty-jelen.sk\/hu\/panzio-kepek\/\"><span style=\"color: #0000ff;\">Tov\u00e1bbi k\u00e9pek \u00e9s vide\u00f3\u2026<\/span><\/a><\/h3>\n\n\t\t<\/div> \n\t<\/div> \t<div class=\"vc_empty_space\"  style=\"height: 32px\" ><span\n\t\t\tclass=\"vc_empty_space_inner\"><\/span><\/div>\n\n\t<div class=\"vc_separator wpb_content_element vc_sep_width_100 vc_sep_pos_align_center vc_separator_no_text vc_sep_color_grey\">\n\t\t<span class=\"vc_sep_holder vc_sep_holder_l\"><span class=\"vc_sep_line\"><\/span><\/span>\n\t\t\t\t<span class=\"vc_sep_holder vc_sep_holder_r\"><span class=\"vc_sep_line\"><\/span><\/span>\n\t<\/div>\n\n\t<div  class=\"vc_row wpb_row vc_inner vc_row-fluid\">\n\t<div class=\"vc_col-sm-6 wpb_column vc_column_container \">\n\t\t<div class=\"wpb_wrapper\">\n\t\t\t<div class=\"invicta_testimonial wpb_content_element style_1 no_photo\"><div class=\"text\"><\/p>\n<div class=\"_1dwg _1w_m\">\n<div id=\"js_2q\" class=\"_5pbx userContent\" data-ft=\"{&quot;tn&quot;:&quot;K&quot;}\">\n<p>Kassa legszebb panzi\u00f3ja. Szolg\u00e1ltat\u00e1sai meg szuperek, k\u00f6rnyezet mesesz\u00e9p!<\/p>\n<div class=\"_5wpt\"><\/div>\n<\/div>\n<div class=\"_3x-2\"><\/div>\n<\/div>\n<div><\/div>\n<p><\/div><div class=\"meta\"><div class=\"info\"><div class=\"name\">Barbara Matyus<\/div><span class=\"country invicta_flag hu\">Hungary<\/span><span class=\"source\"> &mdash; <a href=\"https:\/\/www.facebook.com\/zlatyjelen\/reviews\" title=\"https:\/\/www.facebook.com\/zlatyjelen\" target=\"_blank\">https:\/\/www.facebook.com\/zlatyjelen<\/a><\/span><\/div><\/div><\/div>\n\t<div class=\"wpb_text_column wpb_content_element \">\n\t\t<div class=\"wpb_wrapper\">\n\t\t\t<div class=\"invicta_testimonial wpb_content_element style_1 no_photo\"><div class=\"text\">Pomp\u00e1s k\u00f6rnyezet, kit\u0171n\u0151 szolg\u00e1ltat\u00e1sok, mindenkinek csak aj\u00e1nlani tudom, aki Kass\u00e1n j\u00e1r.<\/p>\n<p><span style=\"color: #363505; font-family: Georgia; font-style: italic; line-height: 13px; text-align: justify; background-color: #e3e3bf;\">\u00a0<\/span><\/div><div class=\"meta\"><div class=\"info\"><div class=\"name\">Kov\u00e1cs J\u00f3zsef<\/div><span class=\"country invicta_flag hu\">Hungary<\/span><\/div><\/div><\/div><div class=\"invicta_testimonial wpb_content_element style_1 no_photo\"><div class=\"text\">Nagyon kellemes r\u00f6vid hetet t\u00f6lt\u00f6tt\u00fcnk itt el. A panzi\u00f3 a Kassa feletti hegyoldalban, az erd\u0151ben, csendes, nyugodt helyen tal\u00e1lhat\u00f3. A sz\u00e1ll\u00e1s at\u00f3val 10 percre van a v\u00e1rosk\u00f6zpontt\u00f3l. A hely nagyon ig\u00e9nyes, a szob\u00e1k k\u00e9nyelmesek, a reggeli kiad\u00f3s. A kisl\u00e1nyom nagyon \u00e9lvezte a kisgyerekeknek kialak\u00edtott j\u00e1tsz\u00f3teret. Mindenkinek csak aj\u00e1nlani tudom Kass\u00e1n. K\u00f6sz\u00f6nj\u00fck.<\/div><div class=\"meta\"><div class=\"info\"><div class=\"name\">Zal\u00e1n \u00c1rp\u00e1d - Budapest<\/div><span class=\"country invicta_flag hu\">Hungary<\/span><\/div><\/div><\/div><div class=\"invicta_testimonial wpb_content_element style_1 no_photo\"><div class=\"text\">A hoki-vb idej\u00e9n nehezen tal\u00e1ltam sz\u00e1ll\u00e1st Kass\u00e1n, \u00edgy tal\u00e1ltam r\u00e1 a v\u00e1ros feletti hegyen gy\u00f6ny\u00f6r\u0171 k\u00f6rnyezetben l\u00e9v\u0151 panzi\u00f3ra. A fogadtat\u00e1s, az ell\u00e1t\u00e1s, a k\u00fcls\u0151 k\u00f6rnyezet, rendezetts\u00e9g kifog\u00e1stalan. Aj\u00e1nlom mindenkinek, f\u0151leg aki a term\u00e9szetet szereti<\/div><div class=\"meta\"><div class=\"info\"><div class=\"name\">Anonim<\/div><span class=\"country invicta_flag sk\">Slovakia<\/span><\/div><\/div><\/div><div class=\"invicta_testimonial wpb_content_element style_1 no_photo\"><div class=\"text\">A val\u00f3s\u00e1g meghaladta az elv\u00e1r\u00e1sainkat. A sz\u00e1ll\u00e1son t\u00f6k\u00e9letes tisztas\u00e1g, \u00edzl\u00e9s, komfort \u00e9s hihetetlen\u00fcl k\u00e9nyelmes \u00e1gyak, nagyszer\u0171 reggelik \u00e9s kiszolg\u00e1l\u00e1s. Gy\u00f6ny\u00f6r\u0171 erdei k\u00f6rnyezet, csak egy ugr\u00e1sra Kass\u00e1t\u00f3l. A tulaj t\u00f6k\u00e9letesen besz\u00e9l magyarul, \u00edgy nyelvi probl\u00e9m\u00e1k sem ad\u00f3dhatnak! Nagyon seg\u00edt\u0151k\u00e9sz, sz\u00edvesen ad \u00f6tleteket a v\u00e1rosn\u00e9z\u00e9shez \u00e9s a f\u0151bb l\u00e1tnival\u00f3kat is ismeri a k\u00f6rny\u00e9ken. Nagyszer\u0171en \u00e9rezt\u00fck magunkat, legal\u00e1bb egyszer m\u00e9g biztosan visszat\u00e9r\u00fcnk!<\/div><div class=\"meta\"><div class=\"info\"><div class=\"name\">Andrea<\/div><span class=\"country invicta_flag hu\">Hungary<\/span><\/div><\/div><\/div><div class=\"invicta_testimonial wpb_content_element style_1 no_photo\"><div class=\"text\">Remek 4 napot t\u00f6lt\u00f6tt\u00fcnk itt el \u00e9s mindenkinek csak aj\u00e1nlani tudom. A reggeli b\u0151s\u00e9ges \u00e9s remek ind\u00ed\u00edt\u00e1sa a napnak egy v\u00e1rosn\u00e9z\u00e9shez. B\u00e1r nem a k\u00f6zpontban van a panzi\u00f3, k\u00f6nnyen megk\u00f6zel\u00edthet\u0151 \u00e9s \u00e9n ink\u00e1bb pont ez\u00e9rt aj\u00e1nlom: n\u00e9h\u00e1ny percre van Kassa belv\u00e1rost\u00f3l a sz\u00e1ll\u00e1s, m\u00e9gis cs\u00f6ndes \u00e9s nyugodt k\u00f6rny\u00e9ken. Egy sz\u00f3 mint sz\u00e1z: \u00e1r-\u00e9rt\u00e9k ar\u00e1nyban jobbat nem is tal\u00e1lhattunk volna. K\u00f6sz\u00f6nj\u00fck.<\/div><div class=\"meta\"><div class=\"info\"><div class=\"name\">Andor - Pilisv\u00f6r\u00f6sv\u00e1r<\/div><span class=\"country invicta_flag hu\">Hungary<\/span><\/div><\/div><\/div>\n\n\t\t<\/div> \n\t<\/div> \n\t\t<\/div> \n\t<\/div> \n\n\t<div class=\"vc_col-sm-6 wpb_column vc_column_container \">\n\t\t<div class=\"wpb_wrapper\">\n\t\t\t<div class=\"invicta_testimonial wpb_content_element style_1 no_photo\"><div class=\"text\"><\/p>\n<div class=\"_1dwg _1w_m\">\n<div id=\"js_2m\" class=\"_5pbx userContent\" data-ft=\"{&quot;tn&quot;:&quot;K&quot;}\">\n<p>Nagyon k\u00f6sz\u00f6n\u00f6m a kedves vend\u00e9gl\u00e1t\u00e1st ! Gy\u00f6ny\u00f6r\u0171 k\u00f6rnyezetben, hib\u00e1tlan kis sz\u00e1ll\u00f3. Aj\u00e1nlom mindenkinek, aki nyugalomra, kikapcsol\u00f3d\u00e1sra v\u00e1gyik. K\u00f6zel van a belv\u00e1roshoz, \u00e9rdemes taxival k\u00f6zlekedni.Sok seg\u00edts\u00e9get kaptam, hogy eligazodjak a v\u00e1rosban. Term\u00e9szetesen Magyar nyelven. Ha Kassa, akkor Zlaty Jelen !!<\/p>\n<div class=\"_5wpt\"><\/div>\n<\/div>\n<div class=\"_3x-2\"><\/div>\n<\/div>\n<div><\/div>\n<p><\/div><div class=\"meta\"><div class=\"info\"><div class=\"name\">Laar P\u00e9ter<\/div><span class=\"country invicta_flag hu\">Hungary<\/span><span class=\"source\"> &mdash; <a href=\"https:\/\/www.facebook.com\/zlatyjelen\/reviews\" title=\"https:\/\/www.facebook.com\/zlatyjelen\" target=\"_blank\">https:\/\/www.facebook.com\/zlatyjelen<\/a><\/span><\/div><\/div><\/div><div class=\"invicta_testimonial wpb_content_element style_1 no_photo\"><div class=\"text\">K\u00f6sz\u00f6net\u00fcnket szeretn\u00e9m kifejezni a kedves \u00e9s figyelmes vend\u00e9gszeretet\u00e9rt. A figyelmes \u00fatbaigaz\u00edt\u00e1s\u00e9rt, a seg\u00edts\u00e9g\u00e9rt, \u00e9s azok\u00e9rt a besz\u00e9lget\u00e9sek\u00e9rt amit az ember csak ritk\u00e1n kap meg a mai rohan\u00f3 vil\u00e1gban. K\u00f6sz\u00f6nj\u00fck!!!! Mindenkinek aj\u00e1nlan\u00e1m ezt a sz\u00e1ll\u00e1st, aki szeretne kikapcsol\u00f3dni Kass\u00e1n, tiszta \u00e9s kultur\u00e1lt k\u00f6rnyezetben a term\u00e9szet \u00e1ltal k\u00f6r\u00fclvett gy\u00f6ny\u00f6r\u0171 kertben pihenni!<\/div><div class=\"meta\"><div class=\"info\"><div class=\"name\">G\u00e1lfi \u00e9s Bern\u00e1th<\/div><span class=\"country invicta_flag hu\">Hungary<\/span><span class=\"source\"> &mdash; <a href=\"http:\/\/zlaty-jelen.sk\/hu\/\" title=\"Kassa \/ Zlaty Jelen Panzi\u00f3 \u00e9s sz\u00e1ll\u00e1s\" target=\"_blank\">Kassa \/ Zlaty Jelen Panzi\u00f3 \u00e9s sz\u00e1ll\u00e1s<\/a><\/span><\/div><\/div><\/div><div class=\"invicta_testimonial wpb_content_element style_1 no_photo\"><div class=\"text\">M\u00e1rai S\u00e1ndor nyom\u00e1n j\u00e1rtunk Kass\u00e1n, m\u00e9gis egy sz\u00e1munkra meghat\u00e1roz\u00f3 Radn\u00f3ti vers nyugalm\u00e1val id\u00e9zn\u00e9nk vissza kedves h\u00e1zigazd\u00e1nk, Korn\u00e9l panzi\u00f3j\u00e1ban meg\u00e9lt b\u00e9kess\u00e9g\u00fcnket azon a deres, csod\u00e1s adventi h\u00e9t v\u00e9g\u00e9n &#8220;Te, ez olyan j\u00f3, &#8211; ez a matat\u00f3 hallgat\u00f3, szomor\u00fa j\u00e1t\u00e9k, \u00e9jjeli j\u00e1t\u00e9k szomor\u00fa sz\u00edvvel \u00e9s szemekkel, magamell\u00e9 szel\u00edden, hosszan odarejtett szomor\u00faujj\u00fa feh\u00e9r kezekkel, amikor egy b\u00fator g\u00f6rbe l\u00e1ba erny\u0151s l\u00e1mp\u00e1m vil\u00e1ga al\u00f3l csillan, mint n\u00e9ha l\u00e9ha szob\u00e1kban bronzf\u00e9ny\u0171 aktok sima h\u00e1ta.&#8221; Eml\u00e9ke felejthetetlen. K\u00f6sz\u00f6nj\u00fck!<\/div><div class=\"meta\"><div class=\"info\"><div class=\"name\">Krisztina \u00e9s Vendel<\/div><span class=\"country invicta_flag hu\">Hungary<\/span><span class=\"source\"> &mdash; <a href=\"http:\/\/zlaty-jelen.sk\/hu\/\" title=\"Kassa - Zlaty Jelen Panzi\u00f3 - Sz\u00e1ll\u00e1s\" target=\"_blank\">Kassa - Zlaty Jelen Panzi\u00f3 - Sz\u00e1ll\u00e1s<\/a><\/span><\/div><\/div><\/div><div class=\"invicta_testimonial wpb_content_element style_1 no_photo\"><div class=\"text\">K\u00f6sz\u00f6n\u00f6m a kedves fogadtat\u00e1st \u00e9s az odaad\u00f3 figyelmet, a csod\u00e1latos k\u00f6rnyezet igazi felt\u00f6lt\u0151d\u00e9st biztos\u00edtott. A reggelik fens\u00e9gesek voltak \u00e9s a j\u00f3 besz\u00e9lget\u00e9sek a panzi\u00f3 tulajdonos\u00e1val felejthetetlen \u00e9lm\u00e9nny\u00e9 var\u00e1zsolt\u00e1k ottl\u00e9temet. A sz\u00e1ll\u00e1s sz\u00e9p \u00e9s tiszta, csak aj\u00e1nlani tudom.<\/div><div class=\"meta\"><div class=\"info\"><div class=\"name\">Edit - Budapest<\/div><span class=\"country invicta_flag hu\">Hungary<\/span><span class=\"source\"> &mdash; <a href=\"http:\/\/zlaty-jelen.sk\/hu\/\" title=\"Kassa - Zlaty Jelen Panzi\u00f3 - sz\u00e1ll\u00e1s\" target=\"_blank\">Kassa - Zlaty Jelen Panzi\u00f3 - sz\u00e1ll\u00e1s<\/a><\/span><\/div><\/div><\/div><div class=\"invicta_testimonial wpb_content_element style_1 no_photo\"><div class=\"text\">A hossz\u00fa h\u00e9tv\u00e9g\u00e9n k\u00e9t \u00e9jszak\u00e1t t\u00f6lt\u00f6tt\u00fcnk ott. M\u00e1r a Google Earth-\u00f6n is l\u00e1ttam, hogy erdei k\u00f6rnyezet, de a val\u00f3s\u00e1gban m\u00e9g sokkal szebb. T\u00e9nyleg 5 perc kocsival a belv\u00e1ros, m\u00e9gis mintha a vil\u00e1g v\u00e9g\u00e9n lenn\u00e9l. A szob\u00e1k tiszt\u00e1k, \u00e9s mintha teljesen \u00fajak lenn\u00e9nek. Ha valaki nem tudn\u00e1: a tulajdonos kassai magyar, teh\u00e1t nyelvi probl\u00e9m\u00e1k sem lehetnek. A reggelik amiket a h\u00e1zigazda k\u00e9sz\u00edtett b\u0151s\u00e9ges \u00e9s finom volt. Az \u00e1rak is megfelel\u0151ek voltak. Mindenkinek csak aj\u00e1nlani tudom, mi teljesen el\u00e9gedettek voltunk.<\/div><div class=\"meta\"><div class=\"info\"><div class=\"name\">\u00c1goston<\/div><span class=\"country invicta_flag hu\">Hungary<\/span><span class=\"source\"> &mdash; <a href=\"http:\/\/zlaty-jelen.sk\/hu\/\" title=\"Kassa - Zlaty Jelen Panzi\u00f3 - sz\u00e1ll\u00e1s\" target=\"_blank\">Kassa - Zlaty Jelen Panzi\u00f3 - sz\u00e1ll\u00e1s<\/a><\/span><\/div><\/div><\/div>\n\t\t<\/div> \n\t<\/div> \n<\/div>\t<div class=\"vc_separator wpb_content_element vc_sep_width_100 vc_sep_pos_align_center vc_separator_no_text vc_sep_color_grey\">\n\t\t<span class=\"vc_sep_holder vc_sep_holder_l\"><span class=\"vc_sep_line\"><\/span><\/span>\n\t\t\t\t<span class=\"vc_sep_holder vc_sep_holder_r\"><span class=\"vc_sep_line\"><\/span><\/span>\n\t<\/div>\n\n\n<div class=\"wpcf7 no-js\" id=\"wpcf7-f2299-o2\" lang=\"hu-HU\" dir=\"ltr\">\n<div class=\"screen-reader-response\"><p role=\"status\" aria-live=\"polite\" aria-atomic=\"true\"><\/p> <ul><\/ul><\/div>\n<form action=\"\/hu\/wp-json\/wp\/v2\/pages\/1824#wpcf7-f2299-o2\" method=\"post\" class=\"wpcf7-form init\" aria-label=\"Kapcsolatfelv\u00e9teli \u0171rlap\" novalidate=\"novalidate\" data-status=\"init\">\n<div style=\"display: none;\">\n<input type=\"hidden\" name=\"_wpcf7\" value=\"2299\" \/>\n<input type=\"hidden\" name=\"_wpcf7_version\" value=\"5.7.3\" \/>\n<input type=\"hidden\" name=\"_wpcf7_locale\" value=\"hu_HU\" \/>\n<input type=\"hidden\" name=\"_wpcf7_unit_tag\" value=\"wpcf7-f2299-o2\" \/>\n<input type=\"hidden\" name=\"_wpcf7_container_post\" value=\"0\" \/>\n<input type=\"hidden\" name=\"_wpcf7_posted_data_hash\" value=\"\" \/>\n<input type=\"hidden\" name=\"_wpcf7_recaptcha_response\" value=\"\" \/>\n<\/div>\n<div class=\"form_field_group group_2\">\n\t<div class=\"form_field name\">\n\t\t<p><label>N\u00e9v<cite class=\"accentcolor-text\">*<\/cite> (k\u00f6telez\u0151)<\/label><span class=\"wpcf7-form-control-wrap\" data-name=\"your-name\"><input size=\"40\" class=\"wpcf7-form-control wpcf7-text wpcf7-validates-as-required\" aria-required=\"true\" aria-invalid=\"false\" value=\"\" type=\"text\" name=\"your-name\" \/><\/span>\n\t\t<\/p>\n\t<\/div>\n<\/div>\n<div class=\"form_field message\">\n\t<p><label>Visszajelz\u00e9s<cite class=\"accentcolor-text\">*<\/cite> (k\u00f6telez\u0151) <\/label><span class=\"wpcf7-form-control-wrap\" data-name=\"your-message\"><textarea cols=\"40\" rows=\"10\" class=\"wpcf7-form-control wpcf7-textarea wpcf7-validates-as-required\" aria-required=\"true\" aria-invalid=\"false\" name=\"your-message\"><\/textarea><\/span>\n\t<\/p>\n<\/div>\n<div class=\"form_field send\">\n\t<p><input class=\"wpcf7-form-control has-spinner wpcf7-submit\" type=\"submit\" value=\"K\u00fcld\u00e9s\" \/>\n\t<\/p>\n<\/div><div class=\"wpcf7-response-output\" aria-hidden=\"true\"><\/div>\n<\/form>\n<\/div>\n\n\t\t<\/div> \n\t<\/div> \n<\/div>\n","protected":false},"excerpt":{"rendered":"SZ\u00c1LL\u00c1S, \u00c1RAK Az \u00e1raink a\u00a0parkol\u00e1st\u00a0(v\u00e9dett parkol\u00f3) az\u00a0internet\u00a0haszn\u00e1latot valamint k\u00fcls\u0151 medence haszn\u00e1lat\u00e1t is\u00a0tartalmazz\u00e1k! A szoba \u00e1ra tartalmazza a frissen k\u00e9sz\u00edtett reggelit. H\u00edvjon most!\u00a0Szobafoglal\u00e1s:\u00a0+421 918 510 686 Standard szoba Foglaljon szob\u00e1t gyorsan, egyszer\u0171en Foglal\u00e1s\u00e1t hamar visszaigazoljuk Foglal\u00e1s r\u00e9szletei \u00c9rkez\u00e9s* T\u00e1voz\u00e1s* Vend\u00e9gek sz\u00e1ma* Kapcsolattart\u00f3 adatai N\u00e9v* Telefon* Email* \u00dczenet K\u00fcl\u00f6n\u00e1gyas szoba minib\u00e1r n\u00e9lk\u00fcl.80,- \u20ac 1 \u00e1gyas szoba \/ [...]","protected":false},"author":1,"featured_media":0,"parent":0,"menu_order":0,"comment_status":"closed","ping_status":"closed","template":"","meta":[],"_links":{"self":[{"href":"https:\/\/zlaty-jelen.sk\/hu\/wp-json\/wp\/v2\/pages\/1824"}],"collection":[{"href":"https:\/\/zlaty-jelen.sk\/hu\/wp-json\/wp\/v2\/pages"}],"about":[{"href":"https:\/\/zlaty-jelen.sk\/hu\/wp-json\/wp\/v2\/types\/page"}],"author":[{"embeddable":true,"href":"https:\/\/zlaty-jelen.sk\/hu\/wp-json\/wp\/v2\/users\/1"}],"replies":[{"embeddable":true,"href":"https:\/\/zlaty-jelen.sk\/hu\/wp-json\/wp\/v2\/comments?post=1824"}],"version-history":[{"count":63,"href":"https:\/\/zlaty-jelen.sk\/hu\/wp-json\/wp\/v2\/pages\/1824\/revisions"}],"predecessor-version":[{"id":14297,"href":"https:\/\/zlaty-jelen.sk\/hu\/wp-json\/wp\/v2\/pages\/1824\/revisions\/14297"}],"wp:attachment":[{"href":"https:\/\/zlaty-jelen.sk\/hu\/wp-json\/wp\/v2\/media?parent=1824"}],"curies":[{"name":"wp","href":"https:\/\/api.w.org\/{rel}","templated":true}]}}